{"id":6465,"date":"2024-05-16T14:14:32","date_gmt":"2024-05-16T14:14:32","guid":{"rendered":"https:\/\/www.muvon.es\/lloguer-cotxes-electrics\/"},"modified":"2024-05-23T17:39:30","modified_gmt":"2024-05-23T17:39:30","slug":"lloguer-cotxes-electrics","status":"publish","type":"page","link":"https:\/\/www.muvon.es\/ca\/lloguer-cotxes-electrics\/","title":{"rendered":"Lloguer de cotxes el\u00e8ctrics"},"content":{"rendered":"\t\t<div data-elementor-type=\"wp-page\" data-elementor-id=\"6465\" class=\"elementor elementor-6465 elementor-5806\" data-elementor-post-type=\"page\">\n\t\t\t\t<div class=\"elementor-element elementor-element-54662e1 e-con-full e-flex e-con e-parent\" data-id=\"54662e1\" data-element_type=\"container\">\n\t\t<div class=\"elementor-element elementor-element-3f26af9 e-con-full e-flex e-con e-parent\" data-id=\"3f26af9\" data-element_type=\"container\">\n\t\t\t\t<div class=\"elementor-element elementor-element-4e16fa9 elementor-widget elementor-widget-heading\" data-id=\"4e16fa9\" data-element_type=\"widget\" data-widget_type=\"heading.default\">\n\t\t\t\t<div class=\"elementor-widget-container\">\n\t\t\t<h1 class=\"elementor-heading-title elementor-size-default\">Lloguer de cotxes el\u00e8ctrics a Mallorca<\/h1>\t\t<\/div>\n\t\t\t\t<\/div>\n\t\t\t\t<div class=\"elementor-element elementor-element-ee56b47 elementor-widget elementor-widget-heading\" data-id=\"ee56b47\" data-element_type=\"widget\" data-widget_type=\"heading.default\">\n\t\t\t\t<div class=\"elementor-widget-container\">\n\t\t\t<span class=\"elementor-heading-title elementor-size-default\">Sent l'energia. Descobreix el nou Cupra Born 100% el\u00e8ctric.<\/span>\t\t<\/div>\n\t\t\t\t<\/div>\n\t\t\t\t<div class=\"elementor-element elementor-element-c1908be elementor-widget elementor-widget-text-editor\" data-id=\"c1908be\" data-element_type=\"widget\" data-widget_type=\"text-editor.default\">\n\t\t\t\t<div class=\"elementor-widget-container\">\n\t\t\t\t\t\t\t<p><span style=\"font-size: 16px; color: var( --e-global-color-text ); font-family: var( --e-global-typography-text-font-family ), Sans-serif; text-align: var(--text-align);\">Muvon i Cupra uneixen les seves forces per transformar la manera com experimentes la mobilitat a Mallorca, oferint-te un servei de carsharing \u00fanic i sostenible gr\u00e0cies al nou Cupra Born el\u00e8ctric.<\/span><\/p>\n\t\t\t\t\t\t<\/div>\n\t\t\t\t<\/div>\n\t\t\t\t<\/div>\n\t\t<div class=\"elementor-element elementor-element-0035b8d e-con-full e-flex e-con e-parent\" data-id=\"0035b8d\" data-element_type=\"container\">\n\t\t\t\t<div class=\"elementor-element elementor-element-bcae918 elementor-widget elementor-widget-image\" data-id=\"bcae918\" data-element_type=\"widget\" data-widget_type=\"image.default\">\n\t\t\t\t<div class=\"elementor-widget-container\">\n\t\t\t\t\t\t\t\t\t\t\t\t\t<img fetchpriority=\"high\" decoding=\"async\" width=\"533\" height=\"800\" src=\"https:\/\/www.muvon.es\/wp-content\/uploads\/2024\/05\/alquiler-coche-electrico-mallorca-muvon-carsharing-533x800.webp\" class=\"attachment-large size-large wp-image-6330\" alt=\"Alquiler de coches el\u00e9ctricos Mallorca - Muvon Carsharing\" srcset=\"https:\/\/www.muvon.es\/wp-content\/uploads\/2024\/05\/alquiler-coche-electrico-mallorca-muvon-carsharing-533x800.webp 533w, https:\/\/www.muvon.es\/wp-content\/uploads\/2024\/05\/alquiler-coche-electrico-mallorca-muvon-carsharing-267x400.webp 267w, https:\/\/www.muvon.es\/wp-content\/uploads\/2024\/05\/alquiler-coche-electrico-mallorca-muvon-carsharing-768x1152.webp 768w, https:\/\/www.muvon.es\/wp-content\/uploads\/2024\/05\/alquiler-coche-electrico-mallorca-muvon-carsharing-150x225.webp 150w, https:\/\/www.muvon.es\/wp-content\/uploads\/2024\/05\/alquiler-coche-electrico-mallorca-muvon-carsharing.webp 800w\" sizes=\"(max-width: 533px) 100vw, 533px\" \/>\t\t\t\t\t\t\t\t\t\t\t\t\t<\/div>\n\t\t\t\t<\/div>\n\t\t\t\t<\/div>\n\t\t\t\t<\/div>\n\t\t<div class=\"elementor-element elementor-element-595cc3e e-flex e-con-boxed e-con e-parent\" data-id=\"595cc3e\" data-element_type=\"container\">\n\t\t\t\t\t<div class=\"e-con-inner\">\n\t\t<div class=\"elementor-element elementor-element-4096893 e-con-full e-flex e-con e-parent\" data-id=\"4096893\" data-element_type=\"container\">\n\t\t\t\t<div class=\"elementor-element elementor-element-eb5417d elementor-arrows-position-inside elementor-widget elementor-widget-image-carousel\" data-id=\"eb5417d\" data-element_type=\"widget\" data-settings=\"{&quot;slides_to_show&quot;:&quot;1&quot;,&quot;navigation&quot;:&quot;arrows&quot;,&quot;autoplay&quot;:&quot;yes&quot;,&quot;pause_on_hover&quot;:&quot;yes&quot;,&quot;pause_on_interaction&quot;:&quot;yes&quot;,&quot;autoplay_speed&quot;:5000,&quot;infinite&quot;:&quot;yes&quot;,&quot;effect&quot;:&quot;slide&quot;,&quot;speed&quot;:500}\" data-widget_type=\"image-carousel.default\">\n\t\t\t\t<div class=\"elementor-widget-container\">\n\t\t\t\t\t<div class=\"elementor-image-carousel-wrapper swiper\" dir=\"ltr\">\n\t\t\t<div class=\"elementor-image-carousel swiper-wrapper\" aria-live=\"off\">\n\t\t\t\t\t\t\t\t<div class=\"swiper-slide\" role=\"group\" aria-roledescription=\"slide\" aria-label=\"1 de 4\"><figure class=\"swiper-slide-inner\"><img decoding=\"async\" class=\"swiper-slide-image\" src=\"https:\/\/www.muvon.es\/wp-content\/uploads\/2024\/05\/cupra-born-muvon-carsharing-07-jpg.webp\" alt=\"Muvon Carsharing Palma de Mallorca - Cupra Born 100% el\u00e9ctrico\" \/><\/figure><\/div><div class=\"swiper-slide\" role=\"group\" aria-roledescription=\"slide\" aria-label=\"2 de 4\"><figure class=\"swiper-slide-inner\"><img decoding=\"async\" class=\"swiper-slide-image\" src=\"https:\/\/www.muvon.es\/wp-content\/uploads\/2024\/05\/cupra-born-muvon-carsharing-16-jpg.webp\" alt=\"Alquiler de coche el terreno Palma de Mallorca - Gomila - Muvon Carsharing\" \/><\/figure><\/div><div class=\"swiper-slide\" role=\"group\" aria-roledescription=\"slide\" aria-label=\"3 de 4\"><figure class=\"swiper-slide-inner\"><img decoding=\"async\" class=\"swiper-slide-image\" src=\"https:\/\/www.muvon.es\/wp-content\/uploads\/2024\/05\/cupra-born-muvon-carsharing-55-jpg.webp\" alt=\"Cupra Born conducir coche el\u00e9ctrico en Mallorca - Muvon Carsharing\" \/><\/figure><\/div><div class=\"swiper-slide\" role=\"group\" aria-roledescription=\"slide\" aria-label=\"4 de 4\"><figure class=\"swiper-slide-inner\"><img decoding=\"async\" class=\"swiper-slide-image\" src=\"https:\/\/www.muvon.es\/wp-content\/uploads\/2024\/05\/cupra-born-muvon-carsharing-24-jpg.webp\" alt=\"Carga de coche el\u00e9ctrico - Muvon Carsharing\" \/><\/figure><\/div>\t\t\t<\/div>\n\t\t\t\t\t\t\t\t\t\t\t\t<div class=\"elementor-swiper-button elementor-swiper-button-prev\" role=\"button\" tabindex=\"0\">\n\t\t\t\t\t\t<i aria-hidden=\"true\" class=\"eicon-chevron-left\"><\/i>\t\t\t\t\t<\/div>\n\t\t\t\t\t<div class=\"elementor-swiper-button elementor-swiper-button-next\" role=\"button\" tabindex=\"0\">\n\t\t\t\t\t\t<i aria-hidden=\"true\" class=\"eicon-chevron-right\"><\/i>\t\t\t\t\t<\/div>\n\t\t\t\t\n\t\t\t\t\t\t\t\t\t<\/div>\n\t\t\t\t<\/div>\n\t\t\t\t<\/div>\n\t\t\t\t<\/div>\n\t\t<div class=\"elementor-element elementor-element-8283e86 e-con-full e-flex e-con e-parent\" data-id=\"8283e86\" data-element_type=\"container\">\n\t\t\t\t<div class=\"elementor-element elementor-element-066e201 elementor-widget elementor-widget-heading\" data-id=\"066e201\" data-element_type=\"widget\" data-widget_type=\"heading.default\">\n\t\t\t\t<div class=\"elementor-widget-container\">\n\t\t\t<h2 class=\"elementor-heading-title elementor-size-default\">Molt m\u00e9s que un cotxe el\u00e8ctric<\/h2>\t\t<\/div>\n\t\t\t\t<\/div>\n\t\t\t\t<div class=\"elementor-element elementor-element-3346f39 elementor-widget elementor-widget-heading\" data-id=\"3346f39\" data-element_type=\"widget\" data-widget_type=\"heading.default\">\n\t\t\t\t<div class=\"elementor-widget-container\">\n\t\t\t<div class=\"elementor-heading-title elementor-size-default\">Viu l'experi\u00e8ncia a bord d\u00b4un Cupra Born\n<\/div>\t\t<\/div>\n\t\t\t\t<\/div>\n\t\t\t\t<div class=\"elementor-element elementor-element-103dce8 elementor-widget elementor-widget-text-editor\" data-id=\"103dce8\" data-element_type=\"widget\" data-widget_type=\"text-editor.default\">\n\t\t\t\t<div class=\"elementor-widget-container\">\n\t\t\t\t\t\t\t<p>Dissenyat per als que busquen un equilibri perfecte entre sostenibilitat i rendiment, el Cupra Born us convida a descobrir una nova forma de moure&#8217;t per Mallorca amb zero emissions i m\u00e0xima efici\u00e8ncia.<\/p>\n\t\t\t\t\t\t<\/div>\n\t\t\t\t<\/div>\n\t\t\t\t<div class=\"elementor-element elementor-element-87fe6bb elementor-widget elementor-widget-toggle\" data-id=\"87fe6bb\" data-element_type=\"widget\" data-widget_type=\"toggle.default\">\n\t\t\t\t<div class=\"elementor-widget-container\">\n\t\t\t\t\t<div class=\"elementor-toggle\">\n\t\t\t\t\t\t\t<div class=\"elementor-toggle-item\">\n\t\t\t\t\t<div id=\"elementor-tab-title-1421\" class=\"elementor-tab-title\" data-tab=\"1\" role=\"button\" aria-controls=\"elementor-tab-content-1421\" aria-expanded=\"false\">\n\t\t\t\t\t\t\t\t\t\t\t\t<span class=\"elementor-toggle-icon elementor-toggle-icon-left\" aria-hidden=\"true\">\n\t\t\t\t\t\t\t\t\t\t\t\t\t\t\t<span class=\"elementor-toggle-icon-closed\"><i class=\"fas fa-chevron-down\"><\/i><\/span>\n\t\t\t\t\t\t\t\t<span class=\"elementor-toggle-icon-opened\"><i class=\"elementor-toggle-icon-opened fas fa-chevron-up\"><\/i><\/span>\n\t\t\t\t\t\t\t\t\t\t\t\t\t<\/span>\n\t\t\t\t\t\t\t\t\t\t\t\t<a class=\"elementor-toggle-title\" tabindex=\"0\">Tecnologia avan\u00e7ada<\/a>\n\t\t\t\t\t<\/div>\n\n\t\t\t\t\t<div id=\"elementor-tab-content-1421\" class=\"elementor-tab-content elementor-clearfix\" data-tab=\"1\" role=\"region\" aria-labelledby=\"elementor-tab-title-1421\"><p>Des de la <strong>pantalla t\u00e0ctil<\/strong> d&#8217;alta resoluci\u00f3 fins als <strong>sistemes d&#8217;assist\u00e8ncia al conductor<\/strong> , el Cupra Born est\u00e0 equipat amb la tecnologia m\u00e9s avan\u00e7ada per fer el viatge m\u00e9s <strong>segur, c\u00f2mode i entretingut<\/strong> . Connectivitat, navegaci\u00f3 i entreteniment a l&#8217;abast de la m\u00e0.<\/p>\n<\/div>\n\t\t\t\t<\/div>\n\t\t\t\t\t\t\t<div class=\"elementor-toggle-item\">\n\t\t\t\t\t<div id=\"elementor-tab-title-1422\" class=\"elementor-tab-title\" data-tab=\"2\" role=\"button\" aria-controls=\"elementor-tab-content-1422\" aria-expanded=\"false\">\n\t\t\t\t\t\t\t\t\t\t\t\t<span class=\"elementor-toggle-icon elementor-toggle-icon-left\" aria-hidden=\"true\">\n\t\t\t\t\t\t\t\t\t\t\t\t\t\t\t<span class=\"elementor-toggle-icon-closed\"><i class=\"fas fa-chevron-down\"><\/i><\/span>\n\t\t\t\t\t\t\t\t<span class=\"elementor-toggle-icon-opened\"><i class=\"elementor-toggle-icon-opened fas fa-chevron-up\"><\/i><\/span>\n\t\t\t\t\t\t\t\t\t\t\t\t\t<\/span>\n\t\t\t\t\t\t\t\t\t\t\t\t<a class=\"elementor-toggle-title\" tabindex=\"0\">M\u00e0xima seguretat<\/a>\n\t\t\t\t\t<\/div>\n\n\t\t\t\t\t<div id=\"elementor-tab-content-1422\" class=\"elementor-tab-content elementor-clearfix\" data-tab=\"2\" role=\"region\" aria-labelledby=\"elementor-tab-title-1422\"><p>Equipat amb m\u00faltiples sistemes d&#8217;assist\u00e8ncia al conductor, com ara <strong>frenada autom\u00e0tica d&#8217;emerg\u00e8ncia i control de creuer adaptatiu<\/strong> , el Cupra Born ofereix una conducci\u00f3 segura protegint tots els passatgers.<\/p>\n<\/div>\n\t\t\t\t<\/div>\n\t\t\t\t\t\t\t<div class=\"elementor-toggle-item\">\n\t\t\t\t\t<div id=\"elementor-tab-title-1423\" class=\"elementor-tab-title\" data-tab=\"3\" role=\"button\" aria-controls=\"elementor-tab-content-1423\" aria-expanded=\"false\">\n\t\t\t\t\t\t\t\t\t\t\t\t<span class=\"elementor-toggle-icon elementor-toggle-icon-left\" aria-hidden=\"true\">\n\t\t\t\t\t\t\t\t\t\t\t\t\t\t\t<span class=\"elementor-toggle-icon-closed\"><i class=\"fas fa-chevron-down\"><\/i><\/span>\n\t\t\t\t\t\t\t\t<span class=\"elementor-toggle-icon-opened\"><i class=\"elementor-toggle-icon-opened fas fa-chevron-up\"><\/i><\/span>\n\t\t\t\t\t\t\t\t\t\t\t\t\t<\/span>\n\t\t\t\t\t\t\t\t\t\t\t\t<a class=\"elementor-toggle-title\" tabindex=\"0\">Disseny esportiu<\/a>\n\t\t\t\t\t<\/div>\n\n\t\t\t\t\t<div id=\"elementor-tab-content-1423\" class=\"elementor-tab-content elementor-clearfix\" data-tab=\"3\" role=\"region\" aria-labelledby=\"elementor-tab-title-1423\"><p>Amb el seu <strong>disseny esportiu i l\u00ednies elegants<\/strong> , el Cupra Born \u00e9s perfecte per a aquells que busquen combinar sostenibilitat amb una est\u00e8tica moderna i atractiva. Compte amb 5 places, 5 portes i un ampli maleter que faran que viatges c\u00f2modament.<\/p>\n<\/div>\n\t\t\t\t<\/div>\n\t\t\t\t\t\t\t<div class=\"elementor-toggle-item\">\n\t\t\t\t\t<div id=\"elementor-tab-title-1424\" class=\"elementor-tab-title\" data-tab=\"4\" role=\"button\" aria-controls=\"elementor-tab-content-1424\" aria-expanded=\"false\">\n\t\t\t\t\t\t\t\t\t\t\t\t<span class=\"elementor-toggle-icon elementor-toggle-icon-left\" aria-hidden=\"true\">\n\t\t\t\t\t\t\t\t\t\t\t\t\t\t\t<span class=\"elementor-toggle-icon-closed\"><i class=\"fas fa-chevron-down\"><\/i><\/span>\n\t\t\t\t\t\t\t\t<span class=\"elementor-toggle-icon-opened\"><i class=\"elementor-toggle-icon-opened fas fa-chevron-up\"><\/i><\/span>\n\t\t\t\t\t\t\t\t\t\t\t\t\t<\/span>\n\t\t\t\t\t\t\t\t\t\t\t\t<a class=\"elementor-toggle-title\" tabindex=\"0\">Autonomia per a les teves aventures<\/a>\n\t\t\t\t\t<\/div>\n\n\t\t\t\t\t<div id=\"elementor-tab-content-1424\" class=\"elementor-tab-content elementor-clearfix\" data-tab=\"4\" role=\"region\" aria-labelledby=\"elementor-tab-title-1424\"><p>El Cupra Born compta amb una <strong>autonomia de +350km<\/strong> que us portar\u00e0 on necessiteu sense preocupacions. Recorreu l&#8217;illa de cap a terme sense haver de parar a carregar durant el vostre viatge.  <\/p>\n<\/div>\n\t\t\t\t<\/div>\n\t\t\t\t\t\t\t\t<\/div>\n\t\t\t\t<\/div>\n\t\t\t\t<\/div>\n\t\t\t\t<\/div>\n\t\t\t\t\t<\/div>\n\t\t\t\t<\/div>\n\t\t<div class=\"elementor-element elementor-element-2df9f2b e-flex e-con-boxed e-con e-parent\" data-id=\"2df9f2b\" data-element_type=\"container\">\n\t\t\t\t\t<div class=\"e-con-inner\">\n\t\t<div class=\"elementor-element elementor-element-57e6936 e-con-full e-flex e-con e-parent\" data-id=\"57e6936\" data-element_type=\"container\">\n\t\t\t\t<div class=\"elementor-element elementor-element-48d0a3b elementor-widget elementor-widget-heading\" data-id=\"48d0a3b\" data-element_type=\"widget\" data-widget_type=\"heading.default\">\n\t\t\t\t<div class=\"elementor-widget-container\">\n\t\t\t<h2 class=\"elementor-heading-title elementor-size-default\">Llogar cotxe amb Muvon Carsharing<\/h2>\t\t<\/div>\n\t\t\t\t<\/div>\n\t\t\t\t<div class=\"elementor-element elementor-element-9268a33 elementor-widget elementor-widget-heading\" data-id=\"9268a33\" data-element_type=\"widget\" data-widget_type=\"heading.default\">\n\t\t\t\t<div class=\"elementor-widget-container\">\n\t\t\t<div class=\"elementor-heading-title elementor-size-default\">Mou-te per Mallorca amb llibertat i sostenibilitat\n\n<\/div>\t\t<\/div>\n\t\t\t\t<\/div>\n\t\t\t\t<div class=\"elementor-element elementor-element-ead6d70 elementor-widget elementor-widget-text-editor\" data-id=\"ead6d70\" data-element_type=\"widget\" data-widget_type=\"text-editor.default\">\n\t\t\t\t<div class=\"elementor-widget-container\">\n\t\t\t\t\t\t\t<p>Descobreix els avantatges de llogar un cotxe el\u00e8ctric amb Muvon Carsharing: sense fian\u00e7a, per hores, totalment en l\u00ednia i sense esperes. Viu una experi\u00e8ncia de mobilitat \u00fanica i amigable amb el medi ambient.<\/p>\n\t\t\t\t\t\t<\/div>\n\t\t\t\t<\/div>\n\t\t\t\t<\/div>\n\t\t<div class=\"elementor-element elementor-element-d0b3ed4 e-con-full e-flex e-con e-parent\" data-id=\"d0b3ed4\" data-element_type=\"container\">\n\t\t\t\t<div class=\"elementor-element elementor-element-3db4f1f elementor-widget elementor-widget-image\" data-id=\"3db4f1f\" data-element_type=\"widget\" data-widget_type=\"image.default\">\n\t\t\t\t<div class=\"elementor-widget-container\">\n\t\t\t\t\t\t\t\t\t\t\t\t\t<img decoding=\"async\" width=\"800\" height=\"600\" src=\"https:\/\/www.muvon.es\/wp-content\/uploads\/2024\/05\/cupra-born-muvon-carsharing-42-jpg.webp\" class=\"attachment-large size-large wp-image-6399\" alt=\"Alquiler de coches el\u00e9ctricos Mallorca - Muvon Carsharing Cupra\" srcset=\"https:\/\/www.muvon.es\/wp-content\/uploads\/2024\/05\/cupra-born-muvon-carsharing-42-jpg.webp 800w, https:\/\/www.muvon.es\/wp-content\/uploads\/2024\/05\/cupra-born-muvon-carsharing-42-533x400.webp 533w, https:\/\/www.muvon.es\/wp-content\/uploads\/2024\/05\/cupra-born-muvon-carsharing-42-768x576.webp 768w, https:\/\/www.muvon.es\/wp-content\/uploads\/2024\/05\/cupra-born-muvon-carsharing-42-150x113.webp 150w\" sizes=\"(max-width: 800px) 100vw, 800px\" \/>\t\t\t\t\t\t\t\t\t\t\t\t\t<\/div>\n\t\t\t\t<\/div>\n\t\t\t\t<\/div>\n\t\t\t\t\t<\/div>\n\t\t\t\t<\/div>\n\t\t<div class=\"elementor-element elementor-element-b2f79c3 e-flex e-con-boxed e-con e-parent\" data-id=\"b2f79c3\" data-element_type=\"container\">\n\t\t\t\t\t<div class=\"e-con-inner\">\n\t\t<div class=\"elementor-element elementor-element-514b631 e-con-full e-flex e-con e-parent\" data-id=\"514b631\" data-element_type=\"container\">\n\t\t\t\t<div class=\"elementor-element elementor-element-0f60714 elementor-widget-divider--view-line elementor-widget elementor-widget-divider\" data-id=\"0f60714\" data-element_type=\"widget\" data-widget_type=\"divider.default\">\n\t\t\t\t<div class=\"elementor-widget-container\">\n\t\t\t\t\t<div class=\"elementor-divider\">\n\t\t\t<span class=\"elementor-divider-separator\">\n\t\t\t\t\t\t<\/span>\n\t\t<\/div>\n\t\t\t\t<\/div>\n\t\t\t\t<\/div>\n\t\t\t\t<div class=\"elementor-element elementor-element-28f3451 elementor-widget elementor-widget-heading\" data-id=\"28f3451\" data-element_type=\"widget\" data-widget_type=\"heading.default\">\n\t\t\t\t<div class=\"elementor-widget-container\">\n\t\t\t<h3 class=\"elementor-heading-title elementor-size-default\">Lloguer de cotxe sense fian\u00e7a<\/h3>\t\t<\/div>\n\t\t\t\t<\/div>\n\t\t\t\t<div class=\"elementor-element elementor-element-b2a563d elementor-widget elementor-widget-text-editor\" data-id=\"b2a563d\" data-element_type=\"widget\" data-widget_type=\"text-editor.default\">\n\t\t\t\t<div class=\"elementor-widget-container\">\n\t\t\t\t\t\t\t<p>Amb Muvon, lloga el cotxe sense necessitat de deixar una fian\u00e7a. Accedeix f\u00e0cilment a un vehicle quan ho necessitis sense preocupar-te per c\u00e0rrecs addicionals o bloquejos de fons.<\/p>\n\t\t\t\t\t\t<\/div>\n\t\t\t\t<\/div>\n\t\t\t\t<\/div>\n\t\t<div class=\"elementor-element elementor-element-77ca70e e-con-full e-flex e-con e-parent\" data-id=\"77ca70e\" data-element_type=\"container\">\n\t\t\t\t<div class=\"elementor-element elementor-element-29289c9 elementor-widget-divider--view-line elementor-widget elementor-widget-divider\" data-id=\"29289c9\" data-element_type=\"widget\" data-widget_type=\"divider.default\">\n\t\t\t\t<div class=\"elementor-widget-container\">\n\t\t\t\t\t<div class=\"elementor-divider\">\n\t\t\t<span class=\"elementor-divider-separator\">\n\t\t\t\t\t\t<\/span>\n\t\t<\/div>\n\t\t\t\t<\/div>\n\t\t\t\t<\/div>\n\t\t\t\t<div class=\"elementor-element elementor-element-3f16e16 elementor-widget elementor-widget-heading\" data-id=\"3f16e16\" data-element_type=\"widget\" data-widget_type=\"heading.default\">\n\t\t\t\t<div class=\"elementor-widget-container\">\n\t\t\t<h3 class=\"elementor-heading-title elementor-size-default\">Lloguer de cotxe per hores\n<\/h3>\t\t<\/div>\n\t\t\t\t<\/div>\n\t\t\t\t<div class=\"elementor-element elementor-element-c324f5e elementor-widget elementor-widget-text-editor\" data-id=\"c324f5e\" data-element_type=\"widget\" data-widget_type=\"text-editor.default\">\n\t\t\t\t<div class=\"elementor-widget-container\">\n\t\t\t\t\t\t\t<p>Paga nom\u00e9s pel temps que fas servir el cotxe amb el lloguer per hores de Muvon. Ideal per a trajectes curts o escapades d\u00b4un dia, ofereix flexibilitat i estalvi comparat amb lloguers diaris tradicionals.<\/p>\n\t\t\t\t\t\t<\/div>\n\t\t\t\t<\/div>\n\t\t\t\t<\/div>\n\t\t<div class=\"elementor-element elementor-element-08ae2f8 e-con-full e-flex e-con e-parent\" data-id=\"08ae2f8\" data-element_type=\"container\">\n\t\t\t\t<div class=\"elementor-element elementor-element-f7bce3b elementor-widget-divider--view-line elementor-widget elementor-widget-divider\" data-id=\"f7bce3b\" data-element_type=\"widget\" data-widget_type=\"divider.default\">\n\t\t\t\t<div class=\"elementor-widget-container\">\n\t\t\t\t\t<div class=\"elementor-divider\">\n\t\t\t<span class=\"elementor-divider-separator\">\n\t\t\t\t\t\t<\/span>\n\t\t<\/div>\n\t\t\t\t<\/div>\n\t\t\t\t<\/div>\n\t\t\t\t<div class=\"elementor-element elementor-element-009da1a elementor-widget elementor-widget-heading\" data-id=\"009da1a\" data-element_type=\"widget\" data-widget_type=\"heading.default\">\n\t\t\t\t<div class=\"elementor-widget-container\">\n\t\t\t<h3 class=\"elementor-heading-title elementor-size-default\">Online i sense esperes<\/h3>\t\t<\/div>\n\t\t\t\t<\/div>\n\t\t\t\t<div class=\"elementor-element elementor-element-7808123 elementor-widget elementor-widget-text-editor\" data-id=\"7808123\" data-element_type=\"widget\" data-widget_type=\"text-editor.default\">\n\t\t\t\t<div class=\"elementor-widget-container\">\n\t\t\t\t\t\t\tReserva i accedeix al teu cotxe directament des de l&#8217;app de Muvon, sense files ni paperassa. Tot el proc\u00e9s \u00e9s digital, r\u00e0pid i convenient, permetent comen\u00e7ar a conduir en minuts.\n\t\t\t\t\t\t<\/div>\n\t\t\t\t<\/div>\n\t\t\t\t<\/div>\n\t\t\t\t\t<\/div>\n\t\t\t\t<\/div>\n\t\t<div class=\"elementor-element elementor-element-881054a e-flex e-con-boxed e-con e-parent\" data-id=\"881054a\" data-element_type=\"container\" data-settings=\"{&quot;background_background&quot;:&quot;classic&quot;}\">\n\t\t\t\t\t<div class=\"e-con-inner\">\n\t\t\t\t<div class=\"elementor-element elementor-element-34fa69e elementor-widget elementor-widget-heading\" data-id=\"34fa69e\" data-element_type=\"widget\" data-widget_type=\"heading.default\">\n\t\t\t\t<div class=\"elementor-widget-container\">\n\t\t\t<h3 class=\"elementor-heading-title elementor-size-default\">Carsharing sostenible<\/h3>\t\t<\/div>\n\t\t\t\t<\/div>\n\t\t\t\t<div class=\"elementor-element elementor-element-cbab0e3 elementor-widget elementor-widget-heading\" data-id=\"cbab0e3\" data-element_type=\"widget\" data-widget_type=\"heading.default\">\n\t\t\t\t<div class=\"elementor-widget-container\">\n\t\t\t<div class=\"elementor-heading-title elementor-size-default\">Explora l'illa sense deixar empremta<\/div>\t\t<\/div>\n\t\t\t\t<\/div>\n\t\t\t\t<div class=\"elementor-element elementor-element-9c4e327 elementor-widget-divider--separator-type-pattern elementor-widget-divider--view-line elementor-widget elementor-widget-divider\" data-id=\"9c4e327\" data-element_type=\"widget\" data-widget_type=\"divider.default\">\n\t\t\t\t<div class=\"elementor-widget-container\">\n\t\t\t\t\t<div class=\"elementor-divider\" style=\"--divider-pattern-url: url(&quot;data:image\/svg+xml,%3Csvg xmlns=&#039;http:\/\/www.w3.org\/2000\/svg&#039; preserveAspectRatio=&#039;none&#039; overflow=&#039;visible&#039; height=&#039;100%&#039; viewBox=&#039;0 0 24 24&#039; fill=&#039;none&#039; stroke=&#039;black&#039; stroke-width=&#039;1&#039; stroke-linecap=&#039;square&#039; stroke-miterlimit=&#039;10&#039;%3E%3Cpolyline points=&#039;0,18 12,6 24,18 &#039;\/%3E%3C\/svg%3E&quot;);\">\n\t\t\t<span class=\"elementor-divider-separator\">\n\t\t\t\t\t\t<\/span>\n\t\t<\/div>\n\t\t\t\t<\/div>\n\t\t\t\t<\/div>\n\t\t\t\t<div class=\"elementor-element elementor-element-52b0f68 elementor-widget elementor-widget-text-editor\" data-id=\"52b0f68\" data-element_type=\"widget\" data-widget_type=\"text-editor.default\">\n\t\t\t\t<div class=\"elementor-widget-container\">\n\t\t\t\t\t\t\t<p>Gr\u00e0cies a l&#8217;\u00fas de cotxes el\u00e8ctrics, aconseguim entre tots reduir les emissions contaminants a Mallorca i reduir l&#8217;empremta associada al transport. El carsharing es basa en l&#8217;\u00fas de cotxes compartits entre diversos conductors, optimitzant l&#8217;\u00fas que es fa d&#8217;un mateix vehicle, reduint la flota de cotxes a l&#8217;illa i alliberant m\u00e9s espai al carrer.  <\/p>\n\t\t\t\t\t\t<\/div>\n\t\t\t\t<\/div>\n\t\t\t\t<div class=\"elementor-element elementor-element-69ea202 elementor-align-center elementor-widget elementor-widget-button\" data-id=\"69ea202\" data-element_type=\"widget\" data-widget_type=\"button.default\">\n\t\t\t\t<div class=\"elementor-widget-container\">\n\t\t\t\t\t<div class=\"elementor-button-wrapper\">\n\t\t\t<a class=\"elementor-button elementor-button-link elementor-size-md\" href=\"https:\/\/www.muvon.es\/ca\/about\/\">\n\t\t\t\t\t\t<span class=\"elementor-button-content-wrapper\">\n\t\t\t\t\t\t\t\t\t<span class=\"elementor-button-text\">Uneix-te al carsharing<\/span>\n\t\t\t\t\t<\/span>\n\t\t\t\t\t<\/a>\n\t\t<\/div>\n\t\t\t\t<\/div>\n\t\t\t\t<\/div>\n\t\t\t\t\t<\/div>\n\t\t\t\t<\/div>\n\t\t<div class=\"elementor-element elementor-element-421d0d2 e-flex e-con-boxed e-con e-parent\" data-id=\"421d0d2\" data-element_type=\"container\">\n\t\t\t\t\t<div class=\"e-con-inner\">\n\t\t\t\t<div class=\"elementor-element elementor-element-790f021 elementor-widget elementor-widget-heading\" data-id=\"790f021\" data-element_type=\"widget\" data-widget_type=\"heading.default\">\n\t\t\t\t<div class=\"elementor-widget-container\">\n\t\t\t<h2 class=\"elementor-heading-title elementor-size-default\">Llogar cotxes el\u00e8ctrics a Mallorca<\/h2>\t\t<\/div>\n\t\t\t\t<\/div>\n\t\t\t\t<div class=\"elementor-element elementor-element-88403c1 elementor-widget elementor-widget-heading\" data-id=\"88403c1\" data-element_type=\"widget\" data-widget_type=\"heading.default\">\n\t\t\t\t<div class=\"elementor-widget-container\">\n\t\t\t<h2 class=\"elementor-heading-title elementor-size-default\">Lloga, condueix, gaudeix. <\/h2>\t\t<\/div>\n\t\t\t\t<\/div>\n\t\t\t\t<div class=\"elementor-element elementor-element-2e04c0d elementor-widget elementor-widget-text-editor\" data-id=\"2e04c0d\" data-element_type=\"widget\" data-widget_type=\"text-editor.default\">\n\t\t\t\t<div class=\"elementor-widget-container\">\n\t\t\t\t\t\t\t<p>Muvon Carsharing us permet <strong>llogar un cotxe el\u00e8ctric per hores o dies des de qualsevol lloc a trav\u00e9s de la nostra aplicaci\u00f3<\/strong> , simplificant l&#8217;acc\u00e9s a una flota de cotxes moderns i completament el\u00e8ctrics. Muvon Carsharing \u00e9s sin\u00f2nim de facilitat i flexibilitat.  <\/p>\n\t\t\t\t\t\t<\/div>\n\t\t\t\t<\/div>\n\t\t\t\t<div class=\"elementor-element elementor-element-1daee17 elementor-widget elementor-widget-accordion\" data-id=\"1daee17\" data-element_type=\"widget\" data-widget_type=\"accordion.default\">\n\t\t\t\t<div class=\"elementor-widget-container\">\n\t\t\t\t\t<div class=\"elementor-accordion\">\n\t\t\t\t\t\t\t<div class=\"elementor-accordion-item\">\n\t\t\t\t\t<div id=\"elementor-tab-title-3111\" class=\"elementor-tab-title\" data-tab=\"1\" role=\"button\" aria-controls=\"elementor-tab-content-3111\" aria-expanded=\"false\">\n\t\t\t\t\t\t\t\t\t\t\t\t\t<span class=\"elementor-accordion-icon elementor-accordion-icon-left\" aria-hidden=\"true\">\n\t\t\t\t\t\t\t\t\t\t\t\t\t\t\t<span class=\"elementor-accordion-icon-closed\"><i class=\"fas fa-plus\"><\/i><\/span>\n\t\t\t\t\t\t\t\t<span class=\"elementor-accordion-icon-opened\"><i class=\"fas fa-minus\"><\/i><\/span>\n\t\t\t\t\t\t\t\t\t\t\t\t\t\t<\/span>\n\t\t\t\t\t\t\t\t\t\t\t\t<a class=\"elementor-accordion-title\" tabindex=\"0\">Com puc llogar un cotxe el\u00e8ctric a Mallorca?<\/a>\n\t\t\t\t\t<\/div>\n\t\t\t\t\t<div id=\"elementor-tab-content-3111\" class=\"elementor-tab-content elementor-clearfix\" data-tab=\"1\" role=\"region\" aria-labelledby=\"elementor-tab-title-3111\"><p>Descarrega l&#8217;app de Muvon Carsharing, registra&#8217;t com a conductor i reserva un dels Cupra Born disponibles a l&#8217;app.  <\/p>\n<p>Aneu a l&#8217;estaci\u00f3 de Muvon, obriu el cotxe amb l&#8217;app i condu\u00efu. Quan acabis, torna-ho a la mateixa estaci\u00f3 i deixa el cotxe carregant.<\/p>\n<p>Tot el proc\u00e9s de reserva es realitza en l\u00ednia i en pocs minuts.  <\/p>\n<\/div>\n\t\t\t\t<\/div>\n\t\t\t\t\t\t\t<div class=\"elementor-accordion-item\">\n\t\t\t\t\t<div id=\"elementor-tab-title-3112\" class=\"elementor-tab-title\" data-tab=\"2\" role=\"button\" aria-controls=\"elementor-tab-content-3112\" aria-expanded=\"false\">\n\t\t\t\t\t\t\t\t\t\t\t\t\t<span class=\"elementor-accordion-icon elementor-accordion-icon-left\" aria-hidden=\"true\">\n\t\t\t\t\t\t\t\t\t\t\t\t\t\t\t<span class=\"elementor-accordion-icon-closed\"><i class=\"fas fa-plus\"><\/i><\/span>\n\t\t\t\t\t\t\t\t<span class=\"elementor-accordion-icon-opened\"><i class=\"fas fa-minus\"><\/i><\/span>\n\t\t\t\t\t\t\t\t\t\t\t\t\t\t<\/span>\n\t\t\t\t\t\t\t\t\t\t\t\t<a class=\"elementor-accordion-title\" tabindex=\"0\">Quan costa llogar un cotxe el\u00e8ctric amb Muvon?<\/a>\n\t\t\t\t\t<\/div>\n\t\t\t\t\t<div id=\"elementor-tab-content-3112\" class=\"elementor-tab-content elementor-clearfix\" data-tab=\"2\" role=\"region\" aria-labelledby=\"elementor-tab-title-3112\"><p>Amb Muvon pagues nom\u00e9s per les hores de lloguer del cotxe, amb totes les despeses incloses i asseguran\u00e7a a tot risc. <a href=\"https:\/\/www.muvon.es\/ca\/tarifes\/\">Consulta les nostres tarifes<\/a> a la web o app per a m\u00e9s informaci\u00f3 sobre all\u00f2 que inclou el preu del lloguer per hora.  <\/p>\n<\/div>\n\t\t\t\t<\/div>\n\t\t\t\t\t\t\t<div class=\"elementor-accordion-item\">\n\t\t\t\t\t<div id=\"elementor-tab-title-3113\" class=\"elementor-tab-title\" data-tab=\"3\" role=\"button\" aria-controls=\"elementor-tab-content-3113\" aria-expanded=\"false\">\n\t\t\t\t\t\t\t\t\t\t\t\t\t<span class=\"elementor-accordion-icon elementor-accordion-icon-left\" aria-hidden=\"true\">\n\t\t\t\t\t\t\t\t\t\t\t\t\t\t\t<span class=\"elementor-accordion-icon-closed\"><i class=\"fas fa-plus\"><\/i><\/span>\n\t\t\t\t\t\t\t\t<span class=\"elementor-accordion-icon-opened\"><i class=\"fas fa-minus\"><\/i><\/span>\n\t\t\t\t\t\t\t\t\t\t\t\t\t\t<\/span>\n\t\t\t\t\t\t\t\t\t\t\t\t<a class=\"elementor-accordion-title\" tabindex=\"0\">Puc llogar un cotxe el\u00e8ctric per dies?<\/a>\n\t\t\t\t\t<\/div>\n\t\t\t\t\t<div id=\"elementor-tab-content-3113\" class=\"elementor-tab-content elementor-clearfix\" data-tab=\"3\" role=\"region\" aria-labelledby=\"elementor-tab-title-3113\"><p>S\u00ed. A Muvon comptem amb una tarifa plana de dia. Si la vostra reserva supera les 10h aplicarem el mateix preu que un lloguer de 24h.<\/p>\n<\/div>\n\t\t\t\t<\/div>\n\t\t\t\t\t\t\t<div class=\"elementor-accordion-item\">\n\t\t\t\t\t<div id=\"elementor-tab-title-3114\" class=\"elementor-tab-title\" data-tab=\"4\" role=\"button\" aria-controls=\"elementor-tab-content-3114\" aria-expanded=\"false\">\n\t\t\t\t\t\t\t\t\t\t\t\t\t<span class=\"elementor-accordion-icon elementor-accordion-icon-left\" aria-hidden=\"true\">\n\t\t\t\t\t\t\t\t\t\t\t\t\t\t\t<span class=\"elementor-accordion-icon-closed\"><i class=\"fas fa-plus\"><\/i><\/span>\n\t\t\t\t\t\t\t\t<span class=\"elementor-accordion-icon-opened\"><i class=\"fas fa-minus\"><\/i><\/span>\n\t\t\t\t\t\t\t\t\t\t\t\t\t\t<\/span>\n\t\t\t\t\t\t\t\t\t\t\t\t<a class=\"elementor-accordion-title\" tabindex=\"0\">Quanta autonomia t\u00e9 el Cupra Born?<\/a>\n\t\t\t\t\t<\/div>\n\t\t\t\t\t<div id=\"elementor-tab-content-3114\" class=\"elementor-tab-content elementor-clearfix\" data-tab=\"4\" role=\"region\" aria-labelledby=\"elementor-tab-title-3114\"><p>El Cupra Born \u00e9s completament el\u00e8ctric i disposa de m\u00e9s de 350 km d&#8217;autonomia. M\u00e9s que suficients per rec\u00f3rrer l&#8217;illa un dia sense haver de parar a recarregar el cotxe.  <\/p>\n<\/div>\n\t\t\t\t<\/div>\n\t\t\t\t\t\t\t<div class=\"elementor-accordion-item\">\n\t\t\t\t\t<div id=\"elementor-tab-title-3115\" class=\"elementor-tab-title\" data-tab=\"5\" role=\"button\" aria-controls=\"elementor-tab-content-3115\" aria-expanded=\"false\">\n\t\t\t\t\t\t\t\t\t\t\t\t\t<span class=\"elementor-accordion-icon elementor-accordion-icon-left\" aria-hidden=\"true\">\n\t\t\t\t\t\t\t\t\t\t\t\t\t\t\t<span class=\"elementor-accordion-icon-closed\"><i class=\"fas fa-plus\"><\/i><\/span>\n\t\t\t\t\t\t\t\t<span class=\"elementor-accordion-icon-opened\"><i class=\"fas fa-minus\"><\/i><\/span>\n\t\t\t\t\t\t\t\t\t\t\t\t\t\t<\/span>\n\t\t\t\t\t\t\t\t\t\t\t\t<a class=\"elementor-accordion-title\" tabindex=\"0\">On puc carregar un cotxe el\u00e8ctric a Mallorca?<\/a>\n\t\t\t\t\t<\/div>\n\t\t\t\t\t<div id=\"elementor-tab-content-3115\" class=\"elementor-tab-content elementor-clearfix\" data-tab=\"5\" role=\"region\" aria-labelledby=\"elementor-tab-title-3115\"><p>Les nostres bases compten amb carregador perqu\u00e8 el cotxe romangui carregant quan no est\u00e0 en \u00fas. En l&#8217;improbable cas que necessitis carregar el cotxe durant el teu viatge, comptes amb m\u00e9s de 400 carregadors on pots <a href=\"https:\/\/www.muvon.es\/donde-cargar-coche-electrico-mallorca\/\">carregar un cotxe el\u00e8ctric a Mallorca<\/a> .  <\/p>\n<\/div>\n\t\t\t\t<\/div>\n\t\t\t\t\t\t\t<div class=\"elementor-accordion-item\">\n\t\t\t\t\t<div id=\"elementor-tab-title-3116\" class=\"elementor-tab-title\" data-tab=\"6\" role=\"button\" aria-controls=\"elementor-tab-content-3116\" aria-expanded=\"false\">\n\t\t\t\t\t\t\t\t\t\t\t\t\t<span class=\"elementor-accordion-icon elementor-accordion-icon-left\" aria-hidden=\"true\">\n\t\t\t\t\t\t\t\t\t\t\t\t\t\t\t<span class=\"elementor-accordion-icon-closed\"><i class=\"fas fa-plus\"><\/i><\/span>\n\t\t\t\t\t\t\t\t<span class=\"elementor-accordion-icon-opened\"><i class=\"fas fa-minus\"><\/i><\/span>\n\t\t\t\t\t\t\t\t\t\t\t\t\t\t<\/span>\n\t\t\t\t\t\t\t\t\t\t\t\t<a class=\"elementor-accordion-title\" tabindex=\"0\">Paguen p\u00e0rquing els cotxes el\u00e8ctrics?<\/a>\n\t\t\t\t\t<\/div>\n\t\t\t\t\t<div id=\"elementor-tab-content-3116\" class=\"elementor-tab-content elementor-clearfix\" data-tab=\"6\" role=\"region\" aria-labelledby=\"elementor-tab-title-3116\"><p>Oblideu-vos d&#8217;estar pendent del pagament del p\u00e0rquing quan condu\u00efu un cotxe el\u00e8ctric. <a href=\"https:\/\/www.muvon.es\/municipios-vehiculos-electricos-si-pagan-ora\/\">Els cotxes el\u00e8ctrics estan exempts de pagar ORA o estacionament regulat a la majoria de municipis de Mallorca<\/a> .<\/p>\n<\/div>\n\t\t\t\t<\/div>\n\t\t\t\t\t\t\t<div class=\"elementor-accordion-item\">\n\t\t\t\t\t<div id=\"elementor-tab-title-3117\" class=\"elementor-tab-title\" data-tab=\"7\" role=\"button\" aria-controls=\"elementor-tab-content-3117\" aria-expanded=\"false\">\n\t\t\t\t\t\t\t\t\t\t\t\t\t<span class=\"elementor-accordion-icon elementor-accordion-icon-left\" aria-hidden=\"true\">\n\t\t\t\t\t\t\t\t\t\t\t\t\t\t\t<span class=\"elementor-accordion-icon-closed\"><i class=\"fas fa-plus\"><\/i><\/span>\n\t\t\t\t\t\t\t\t<span class=\"elementor-accordion-icon-opened\"><i class=\"fas fa-minus\"><\/i><\/span>\n\t\t\t\t\t\t\t\t\t\t\t\t\t\t<\/span>\n\t\t\t\t\t\t\t\t\t\t\t\t<a class=\"elementor-accordion-title\" tabindex=\"0\">Puc circular per tota l'illa?<\/a>\n\t\t\t\t\t<\/div>\n\t\t\t\t\t<div id=\"elementor-tab-content-3117\" class=\"elementor-tab-content elementor-clearfix\" data-tab=\"7\" role=\"region\" aria-labelledby=\"elementor-tab-title-3117\"><p>Amb Muvon pots despla\u00e7ar-te per tota l&#8217;illa, tenint en compte les zones restringides i les <a href=\"https:\/\/www.muvon.es\/multa-zona-acire-palma\/\">zones ACIRE a Palma<\/a>, per a les quals has de sol\u00b7licitar perm\u00eds. <\/p>\n<\/div>\n\t\t\t\t<\/div>\n\t\t\t\t\t\t\t\t<\/div>\n\t\t\t\t<\/div>\n\t\t\t\t<\/div>\n\t\t\t\t\t<\/div>\n\t\t\t\t<\/div>\n\t\t\t\t<\/div>\n\t\t","protected":false},"excerpt":{"rendered":"<p>Lloguer de cotxes el\u00e8ctrics a Mallorca Sent l&#8217;energia. Descobreix el nou Cupra Born 100% el\u00e8ctric. Muvon i Cupra uneixen les seves forces per transformar la manera com experimentes la mobilitat a Mallorca, oferint-te un servei de carsharing \u00fanic i sostenible gr\u00e0cies al nou Cupra Born el\u00e8ctric. Molt m\u00e9s que un cotxe el\u00e8ctric Viu l&#8217;experi\u00e8ncia a [&hellip;]<\/p>\n","protected":false},"author":8,"featured_media":0,"parent":0,"menu_order":0,"comment_status":"closed","ping_status":"closed","template":"","meta":{"site-sidebar-layout":"no-sidebar","site-content-layout":"page-builder","ast-site-content-layout":"default","site-content-style":"default","site-sidebar-style":"default","ast-global-header-display":"","ast-banner-title-visibility":"","ast-main-header-display":"","ast-hfb-above-header-display":"","ast-hfb-below-header-display":"","ast-hfb-mobile-header-display":"","site-post-title":"disabled","ast-breadcrumbs-content":"","ast-featured-img":"disabled","footer-sml-layout":"","theme-transparent-header-meta":"","adv-header-id-meta":"","stick-header-meta":"","header-above-stick-meta":"","header-main-stick-meta":"","header-below-stick-meta":"","astra-migrate-meta-layouts":"default","ast-page-background-enabled":"default","ast-page-background-meta":{"desktop":{"background-color":"","background-image":"","background-repeat":"repeat","background-position":"center center","background-size":"auto","background-attachment":"scroll","background-type":"","background-media":"","overlay-type":"","overlay-color":"","overlay-opacity":"","overlay-gradient":""},"tablet":{"background-color":"","background-image":"","background-repeat":"repeat","background-position":"center center","background-size":"auto","background-attachment":"scroll","background-type":"","background-media":"","overlay-type":"","overlay-color":"","overlay-opacity":"","overlay-gradient":""},"mobile":{"background-color":"","background-image":"","background-repeat":"repeat","background-position":"center center","background-size":"auto","background-attachment":"scroll","background-type":"","background-media":"","overlay-type":"","overlay-color":"","overlay-opacity":"","overlay-gradient":""}},"ast-content-background-meta":{"desktop":{"background-color":"var(--ast-global-color-5)","background-image":"","background-repeat":"repeat","background-position":"center center","background-size":"auto","background-attachment":"scroll","background-type":"","background-media":"","overlay-type":"","overlay-color":"","overlay-opacity":"","overlay-gradient":""},"tablet":{"background-color":"var(--ast-global-color-5)","background-image":"","background-repeat":"repeat","background-position":"center center","background-size":"auto","background-attachment":"scroll","background-type":"","background-media":"","overlay-type":"","overlay-color":"","overlay-opacity":"","overlay-gradient":""},"mobile":{"background-color":"var(--ast-global-color-5)","background-image":"","background-repeat":"repeat","background-position":"center center","background-size":"auto","background-attachment":"scroll","background-type":"","background-media":"","overlay-type":"","overlay-color":"","overlay-opacity":"","overlay-gradient":""}},"_joinchat":[],"footnotes":""},"class_list":["post-6465","page","type-page","status-publish","hentry"],"_links":{"self":[{"href":"https:\/\/www.muvon.es\/ca\/wp-json\/wp\/v2\/pages\/6465"}],"collection":[{"href":"https:\/\/www.muvon.es\/ca\/wp-json\/wp\/v2\/pages"}],"about":[{"href":"https:\/\/www.muvon.es\/ca\/wp-json\/wp\/v2\/types\/page"}],"author":[{"embeddable":true,"href":"https:\/\/www.muvon.es\/ca\/wp-json\/wp\/v2\/users\/8"}],"replies":[{"embeddable":true,"href":"https:\/\/www.muvon.es\/ca\/wp-json\/wp\/v2\/comments?post=6465"}],"version-history":[{"count":8,"href":"https:\/\/www.muvon.es\/ca\/wp-json\/wp\/v2\/pages\/6465\/revisions"}],"predecessor-version":[{"id":6480,"href":"https:\/\/www.muvon.es\/ca\/wp-json\/wp\/v2\/pages\/6465\/revisions\/6480"}],"wp:attachment":[{"href":"https:\/\/www.muvon.es\/ca\/wp-json\/wp\/v2\/media?parent=6465"}],"curies":[{"name":"wp","href":"https:\/\/api.w.org\/{rel}","templated":true}]}}